{"id":726,"date":"2013-07-29T10:45:36","date_gmt":"2013-07-29T08:45:36","guid":{"rendered":"https:\/\/www.funiculart.fr\/ressources\/?page_id=726"},"modified":"2013-10-14T13:56:55","modified_gmt":"2013-10-14T11:56:55","slug":"mareva-cherche-artistes-pour-poser","status":"publish","type":"page","link":"https:\/\/www.funiculart.fr\/ressources\/mareva-cherche-artistes-pour-poser\/","title":{"rendered":"Mar\u00e9va cherche artistes pour poser"},"content":{"rendered":"<p>Mar\u00e9va &lt;<a href=\"mailto: marevaaaa@hotmail.fr\">marevaaaa@hotmail.fr<\/a>&gt;<\/p>\n<p>Je suis une \u00e9tudiante de 21 ans , j&rsquo;ai d\u00e9j\u00e0 eu l&rsquo;occasion de poser en tant que mod\u00e8le vivant pour des cours de dessin et de sculpture \u00e0 l&rsquo;\u00e9cole des Beaux arts de Rouen. J&rsquo;aimerais r\u00e9it\u00e9rer cette exp\u00e9rience dans des structures et \u00e9coles de Lille contre r\u00e9mun\u00e9ration. J&rsquo;ai une silhouette assez \u00e9lanc\u00e9e, je suis sportive (1m75) et je suis de type m\u00e9tiss\u00e9e. Mes disponibilit\u00e9s d\u00e9pendent principalement de mes cours mais je suis assez flexible pour les horaires.<\/p>\n<!-- Rendered by FancyBox without labels BEGIN -->\n\n\t<style type=\"text\/css\">\n\t\t\t\t\t#gallery-0 {\n\t\t\t\t\t\tmargin: auto;\n\t\t\t\t\t}\n\t\t\t\t\t#gallery-0 .gallery-item {\n\t\t\t\t\t\tfloat: left;\n\t\t\t\t\t\tmargin-top: 10px;\n\t\t\t\t\t\ttext-align: center;\n\t\t\t\t\t\twidth: 32%;\n\t\t\t\t\t}\n\t\t\t\t\t#gallery-0 img {\n\t\t\t\t\t\tborder: 2px solid #cfcfcf;\n\t\t\t\t\t}\n\t\t\t\t\t#gallery-0 .gallery-caption {\n\t\t\t\t\t\tmargin-left: 0;\n\t\t\t\t\t}\n\t<\/style>\n<script type=\"text\/javascript\">\n$(document).ready(function() {\n\t\/*\n\t *  Simple image gallery. Uses default settings\n\t *\/\n\n\t$(\".fancybox\").fancybox({\n\t\t\"transitionIn\"\t\t: \"none\",\n\t\t\"transitionOut\"\t\t: \"none\",\n\t\t\"titlePosition\" \t: \"over\"\n\n\t});\n});\n<\/script>\n\n\t<div id=\"gallery-0\" class=\"gallery galleryid-0 gallery-size-thumbnail\" style=\"\"><dl class=\"gallery-item\"><dt class=\"gallery-icon\">\n\t\t<a class=\"fancybox\" href=\"https:\/\/www.funiculart.fr\/ressources\/wp-content\/uploads\/2013\/07\/IMG_5954-1024x764.jpg\" rel=\"gallery-0\"><img loading=\"lazy\" decoding=\"async\" width=\"150\" height=\"300\" class=\"attachment-thumbnail\" alt=\"\" src=\"https:\/\/www.funiculart.fr\/ressources\/wp-content\/uploads\/2013\/07\/IMG_5954-150x300.jpg\" \/><\/a><\/dt><\/dl>\n\n<dl class=\"gallery-item\"><dt class=\"gallery-icon\">\n\t\t<a class=\"fancybox\" href=\"https:\/\/www.funiculart.fr\/ressources\/wp-content\/uploads\/2013\/07\/IMG_5989-1024x764.jpg\" rel=\"gallery-0\"><img loading=\"lazy\" decoding=\"async\" width=\"150\" height=\"300\" class=\"attachment-thumbnail\" alt=\"\" src=\"https:\/\/www.funiculart.fr\/ressources\/wp-content\/uploads\/2013\/07\/IMG_5989-150x300.jpg\" \/><\/a><\/dt><\/dl>\n\n<\/div><br clear=\"all\" \/><!-- Rendered by FancyBox without labels END -->\n\n","protected":false},"excerpt":{"rendered":"<p>Mar\u00e9va &lt;marevaaaa@hotmail.fr&gt; Je suis une \u00e9tudiante de 21 ans , j&rsquo;ai d\u00e9j\u00e0 eu l&rsquo;occasion de poser en tant que mod\u00e8le vivant pour des cours de dessin et de sculpture \u00e0 l&rsquo;\u00e9cole des Beaux arts de Rouen. J&rsquo;aimerais r\u00e9it\u00e9rer cette exp\u00e9rience dans des structures et \u00e9coles de Lille contre r\u00e9mun\u00e9ration. J&rsquo;ai une silhouette assez \u00e9lanc\u00e9e, je [&hellip;]<\/p>\n","protected":false},"author":1,"featured_media":0,"parent":0,"menu_order":0,"comment_status":"open","ping_status":"open","template":"","meta":{"footnotes":""},"class_list":["post-726","page","type-page","status-publish","hentry"],"aioseo_notices":[],"_links":{"self":[{"href":"https:\/\/www.funiculart.fr\/ressources\/wp-json\/wp\/v2\/pages\/726","targetHints":{"allow":["GET"]}}],"collection":[{"href":"https:\/\/www.funiculart.fr\/ressources\/wp-json\/wp\/v2\/pages"}],"about":[{"href":"https:\/\/www.funiculart.fr\/ressources\/wp-json\/wp\/v2\/types\/page"}],"author":[{"embeddable":true,"href":"https:\/\/www.funiculart.fr\/ressources\/wp-json\/wp\/v2\/users\/1"}],"replies":[{"embeddable":true,"href":"https:\/\/www.funiculart.fr\/ressources\/wp-json\/wp\/v2\/comments?post=726"}],"version-history":[{"count":0,"href":"https:\/\/www.funiculart.fr\/ressources\/wp-json\/wp\/v2\/pages\/726\/revisions"}],"wp:attachment":[{"href":"https:\/\/www.funiculart.fr\/ressources\/wp-json\/wp\/v2\/media?parent=726"}],"curies":[{"name":"wp","href":"https:\/\/api.w.org\/{rel}","templated":true}]}}