{"id":540,"date":"2013-02-07T09:41:02","date_gmt":"2013-02-07T07:41:02","guid":{"rendered":"https:\/\/www.funiculart.fr\/ressources\/?page_id=540"},"modified":"2022-11-10T12:03:09","modified_gmt":"2022-11-10T10:03:09","slug":"lestampille-espace-rencontre-a-bruxelles","status":"publish","type":"page","link":"https:\/\/www.funiculart.fr\/ressources\/lestampille-espace-rencontre-a-bruxelles\/","title":{"rendered":"L&rsquo;estampille \u00ab\u00a0espace-rencontre\u00a0\u00bb \u00e0 Bruxelles"},"content":{"rendered":"<p>Estampille.canalblog.com<br \/>\nL&rsquo;estampille\u00a0\u00bbespace-rencontre\u00a0\u00bb<br \/>\nCe lieu d&rsquo;expo est une soci\u00e9t\u00e9 qui met \u00e0 disposition son rez de chauss\u00e9e commercial, tous les week-end pour permettre \u00e0 des artistes d&rsquo;y exposer. Situation id\u00e9ale : quartier europ\u00e9en en plein Bruxelles.<br \/>\n100\u20ac par week-end \/ 10 affiches et 20 invitations gracieusement imprim\u00e9es pour l&rsquo;occasion.<br \/>\n\u00c0 essayer&#8230;<\/p>\n<!-- Rendered by FancyBox without labels BEGIN -->\n\n\t<style type=\"text\/css\">\n\t\t\t\t\t#gallery-0 {\n\t\t\t\t\t\tmargin: auto;\n\t\t\t\t\t}\n\t\t\t\t\t#gallery-0 .gallery-item {\n\t\t\t\t\t\tfloat: left;\n\t\t\t\t\t\tmargin-top: 10px;\n\t\t\t\t\t\ttext-align: center;\n\t\t\t\t\t\twidth: 32%;\n\t\t\t\t\t}\n\t\t\t\t\t#gallery-0 img {\n\t\t\t\t\t\tborder: 2px solid #cfcfcf;\n\t\t\t\t\t}\n\t\t\t\t\t#gallery-0 .gallery-caption {\n\t\t\t\t\t\tmargin-left: 0;\n\t\t\t\t\t}\n\t<\/style>\n<script type=\"text\/javascript\">\n$(document).ready(function() {\n\t\/*\n\t *  Simple image gallery. Uses default settings\n\t *\/\n\n\t$(\".fancybox\").fancybox({\n\t\t\"transitionIn\"\t\t: \"none\",\n\t\t\"transitionOut\"\t\t: \"none\",\n\t\t\"titlePosition\" \t: \"over\"\n\n\t});\n});\n<\/script>\n\n\t<div id=\"gallery-0\" class=\"gallery galleryid-0 gallery-size-thumbnail\" style=\"\"><dl class=\"gallery-item\"><dt class=\"gallery-icon\">\n\t\t<a class=\"fancybox\" href=\"https:\/\/www.funiculart.fr\/ressources\/wp-content\/uploads\/2013\/02\/estampille-bruxelles-01-1024x768.jpg\" rel=\"gallery-0\"><img loading=\"lazy\" decoding=\"async\" width=\"150\" height=\"300\" class=\"attachment-thumbnail\" alt=\"\" src=\"https:\/\/www.funiculart.fr\/ressources\/wp-content\/uploads\/2013\/02\/estampille-bruxelles-01-150x300.jpg\" \/><\/a><\/dt><\/dl>\n\n<dl class=\"gallery-item\"><dt class=\"gallery-icon\">\n\t\t<a class=\"fancybox\" href=\"https:\/\/www.funiculart.fr\/ressources\/wp-content\/uploads\/2013\/02\/estampille-bruxelles-02-1024x768.jpg\" rel=\"gallery-0\"><img loading=\"lazy\" decoding=\"async\" width=\"150\" height=\"300\" class=\"attachment-thumbnail\" alt=\"\" src=\"https:\/\/www.funiculart.fr\/ressources\/wp-content\/uploads\/2013\/02\/estampille-bruxelles-02-150x300.jpg\" \/><\/a><\/dt><\/dl>\n\n<dl class=\"gallery-item\"><dt class=\"gallery-icon\">\n\t\t<a class=\"fancybox\" href=\"https:\/\/www.funiculart.fr\/ressources\/wp-content\/uploads\/2013\/02\/estampille-bruxelles-03-1024x768.jpg\" rel=\"gallery-0\"><img loading=\"lazy\" decoding=\"async\" width=\"150\" height=\"300\" class=\"attachment-thumbnail\" alt=\"\" src=\"https:\/\/www.funiculart.fr\/ressources\/wp-content\/uploads\/2013\/02\/estampille-bruxelles-03-150x300.jpg\" \/><\/a><\/dt><\/dl>\n\n<\/div><br clear=\"all\" \/><!-- Rendered by FancyBox without labels END -->\n\n<p>Lieu propos\u00e9 par <a href=\"http:\/\/www.facebook.com\/gladys.pierrelouis.5\">Gladys Pierre Louis<\/a><\/p>\n","protected":false},"excerpt":{"rendered":"<p>Estampille.canalblog.com L&rsquo;estampille\u00a0\u00bbespace-rencontre\u00a0\u00bb Ce lieu d&rsquo;expo est une soci\u00e9t\u00e9 qui met \u00e0 disposition son rez de chauss\u00e9e commercial, tous les week-end pour permettre \u00e0 des artistes d&rsquo;y exposer. Situation id\u00e9ale : quartier europ\u00e9en en plein Bruxelles. 100\u20ac par week-end \/ 10 affiches et 20 invitations gracieusement imprim\u00e9es pour l&rsquo;occasion. \u00c0 essayer&#8230; Lieu propos\u00e9 par Gladys Pierre [&hellip;]<\/p>\n","protected":false},"author":1,"featured_media":0,"parent":0,"menu_order":0,"comment_status":"open","ping_status":"open","template":"","meta":{"footnotes":""},"class_list":["post-540","page","type-page","status-publish","hentry"],"aioseo_notices":[],"_links":{"self":[{"href":"https:\/\/www.funiculart.fr\/ressources\/wp-json\/wp\/v2\/pages\/540","targetHints":{"allow":["GET"]}}],"collection":[{"href":"https:\/\/www.funiculart.fr\/ressources\/wp-json\/wp\/v2\/pages"}],"about":[{"href":"https:\/\/www.funiculart.fr\/ressources\/wp-json\/wp\/v2\/types\/page"}],"author":[{"embeddable":true,"href":"https:\/\/www.funiculart.fr\/ressources\/wp-json\/wp\/v2\/users\/1"}],"replies":[{"embeddable":true,"href":"https:\/\/www.funiculart.fr\/ressources\/wp-json\/wp\/v2\/comments?post=540"}],"version-history":[{"count":1,"href":"https:\/\/www.funiculart.fr\/ressources\/wp-json\/wp\/v2\/pages\/540\/revisions"}],"predecessor-version":[{"id":3988,"href":"https:\/\/www.funiculart.fr\/ressources\/wp-json\/wp\/v2\/pages\/540\/revisions\/3988"}],"wp:attachment":[{"href":"https:\/\/www.funiculart.fr\/ressources\/wp-json\/wp\/v2\/media?parent=540"}],"curies":[{"name":"wp","href":"https:\/\/api.w.org\/{rel}","templated":true}]}}