{"id":2703,"date":"2018-06-26T11:23:01","date_gmt":"2018-06-26T09:23:01","guid":{"rendered":"https:\/\/www.funiculart.fr\/ressources\/?page_id=2703"},"modified":"2018-11-13T06:50:34","modified_gmt":"2018-11-13T04:50:34","slug":"jean-claude-belegou-cherche-modele-feminin-dans-le-76","status":"publish","type":"page","link":"https:\/\/www.funiculart.fr\/ressources\/jean-claude-belegou-cherche-modele-feminin-dans-le-76\/","title":{"rendered":"Jean-Claude Belegou cherche mod\u00e8le f\u00e9minin dans le 76"},"content":{"rendered":"<p>Jean-Claude Belegou &lt;<a href=\"mailto:jcbelegou@orange.fr\">jcbelegou@orange.fr<\/a>&gt;<\/p>\n<p>Je cherche un mod\u00e8le<br \/>\nArtiste plasticien photographie vid\u00e9o d\u00e9pt 76\u00a0 d\u00e9fraiements et possibilit\u00e9 h\u00e9bergement tirages cherche mod\u00e8les motiv\u00e9es. Cr\u00e9ation contemporaine. Plus d&rsquo;infos par Mail et sur mon site officiel (bio revue critique s\u00e9ries en cours) merci!<\/p>\n<!-- Rendered by FancyBox without labels BEGIN -->\n\n\t<style type=\"text\/css\">\n\t\t\t\t\t#gallery-0 {\n\t\t\t\t\t\tmargin: auto;\n\t\t\t\t\t}\n\t\t\t\t\t#gallery-0 .gallery-item {\n\t\t\t\t\t\tfloat: left;\n\t\t\t\t\t\tmargin-top: 10px;\n\t\t\t\t\t\ttext-align: center;\n\t\t\t\t\t\twidth: 32%;\n\t\t\t\t\t}\n\t\t\t\t\t#gallery-0 img {\n\t\t\t\t\t\tborder: 2px solid #cfcfcf;\n\t\t\t\t\t}\n\t\t\t\t\t#gallery-0 .gallery-caption {\n\t\t\t\t\t\tmargin-left: 0;\n\t\t\t\t\t}\n\t<\/style>\n<script type=\"text\/javascript\">\n$(document).ready(function() {\n\t\/*\n\t *  Simple image gallery. Uses default settings\n\t *\/\n\n\t$(\".fancybox\").fancybox({\n\t\t\"transitionIn\"\t\t: \"none\",\n\t\t\"transitionOut\"\t\t: \"none\",\n\t\t\"titlePosition\" \t: \"over\"\n\n\t});\n});\n<\/script>\n\n\t<div id=\"gallery-0\" class=\"gallery galleryid-0 gallery-size-thumbnail\" style=\"\"><dl class=\"gallery-item\"><dt class=\"gallery-icon\">\n\t\t<a class=\"fancybox\" href=\"https:\/\/www.funiculart.fr\/ressources\/wp-content\/uploads\/2018\/06\/Jean-Claude-Belegou-76.jpg\" rel=\"gallery-0\"><img loading=\"lazy\" decoding=\"async\" width=\"150\" height=\"300\" class=\"attachment-thumbnail\" alt=\"\" src=\"https:\/\/www.funiculart.fr\/ressources\/wp-content\/uploads\/2018\/06\/Jean-Claude-Belegou-76-150x300.jpg\" \/><\/a><\/dt><\/dl>\n\n<dl class=\"gallery-item\"><dt class=\"gallery-icon\">\n\t\t<a class=\"fancybox\" href=\"https:\/\/www.funiculart.fr\/ressources\/wp-content\/uploads\/2018\/06\/Jean-Claude-Belegou-dans-le-76.jpg\" rel=\"gallery-0\"><img loading=\"lazy\" decoding=\"async\" width=\"150\" height=\"300\" class=\"attachment-thumbnail\" alt=\"\" src=\"https:\/\/www.funiculart.fr\/ressources\/wp-content\/uploads\/2018\/06\/Jean-Claude-Belegou-dans-le-76-150x300.jpg\" \/><\/a><\/dt><\/dl>\n\n<\/div><br clear=\"all\" \/><!-- Rendered by FancyBox without labels END -->\n\n","protected":false},"excerpt":{"rendered":"<p>Jean-Claude Belegou &lt;jcbelegou@orange.fr&gt; Je cherche un mod\u00e8le Artiste plasticien photographie vid\u00e9o d\u00e9pt 76\u00a0 d\u00e9fraiements et possibilit\u00e9 h\u00e9bergement tirages cherche mod\u00e8les motiv\u00e9es. Cr\u00e9ation contemporaine. Plus d&rsquo;infos par Mail et sur mon site officiel (bio revue critique s\u00e9ries en cours) merci!<\/p>\n","protected":false},"author":1,"featured_media":0,"parent":0,"menu_order":0,"comment_status":"closed","ping_status":"closed","template":"","meta":{"footnotes":""},"class_list":["post-2703","page","type-page","status-publish","hentry"],"aioseo_notices":[],"_links":{"self":[{"href":"https:\/\/www.funiculart.fr\/ressources\/wp-json\/wp\/v2\/pages\/2703","targetHints":{"allow":["GET"]}}],"collection":[{"href":"https:\/\/www.funiculart.fr\/ressources\/wp-json\/wp\/v2\/pages"}],"about":[{"href":"https:\/\/www.funiculart.fr\/ressources\/wp-json\/wp\/v2\/types\/page"}],"author":[{"embeddable":true,"href":"https:\/\/www.funiculart.fr\/ressources\/wp-json\/wp\/v2\/users\/1"}],"replies":[{"embeddable":true,"href":"https:\/\/www.funiculart.fr\/ressources\/wp-json\/wp\/v2\/comments?post=2703"}],"version-history":[{"count":0,"href":"https:\/\/www.funiculart.fr\/ressources\/wp-json\/wp\/v2\/pages\/2703\/revisions"}],"wp:attachment":[{"href":"https:\/\/www.funiculart.fr\/ressources\/wp-json\/wp\/v2\/media?parent=2703"}],"curies":[{"name":"wp","href":"https:\/\/api.w.org\/{rel}","templated":true}]}}