{"id":2186,"date":"2016-11-28T16:58:55","date_gmt":"2016-11-28T14:58:55","guid":{"rendered":"https:\/\/www.funiculart.fr\/ressources\/?page_id=2186"},"modified":"2016-11-29T09:51:35","modified_gmt":"2016-11-29T07:51:35","slug":"fevrier-clementine-pose-sur-toulouse","status":"publish","type":"page","link":"https:\/\/www.funiculart.fr\/ressources\/fevrier-clementine-pose-sur-toulouse\/","title":{"rendered":"F\u00e9vrier Cl\u00e9mentine Pose sur Toulouse"},"content":{"rendered":"<p>F\u00e9vrier Cl\u00e9mentine &lt;<a href=\"mailto:clemoufev@hotmail.fr\">clemoufev@hotmail.fr<\/a>&gt;<\/p>\n<p>Corps du message :<br \/>\nhttps:\/\/www.facebook.com\/<wbr><\/wbr>clementine.fev<\/p>\n<p>Bonjour, je me pr\u00e9sente! Je m&rsquo;appelle Cl\u00e9mentine, je suis en licence de droit. J&rsquo;ai toujours ador\u00e9 l&rsquo;art et particuli\u00e8rement la peinture. J&rsquo;ai mesure 1m68, p\u00e8se 63kg. J&rsquo;ai les cheveux mi-long ch\u00e2tains clair, les yeux marrons, des petites taches de rousseur. J&rsquo;habite sur Toulouse.<br \/>\nJe suis de nature souriante, professionnelle et passionn\u00e9e dans les choses que j&rsquo;entreprends!<\/p>\n<!-- Rendered by FancyBox without labels BEGIN -->\n\n\t<style type=\"text\/css\">\n\t\t\t\t\t#gallery-0 {\n\t\t\t\t\t\tmargin: auto;\n\t\t\t\t\t}\n\t\t\t\t\t#gallery-0 .gallery-item {\n\t\t\t\t\t\tfloat: left;\n\t\t\t\t\t\tmargin-top: 10px;\n\t\t\t\t\t\ttext-align: center;\n\t\t\t\t\t\twidth: 32%;\n\t\t\t\t\t}\n\t\t\t\t\t#gallery-0 img {\n\t\t\t\t\t\tborder: 2px solid #cfcfcf;\n\t\t\t\t\t}\n\t\t\t\t\t#gallery-0 .gallery-caption {\n\t\t\t\t\t\tmargin-left: 0;\n\t\t\t\t\t}\n\t<\/style>\n<script type=\"text\/javascript\">\n$(document).ready(function() {\n\t\/*\n\t *  Simple image gallery. Uses default settings\n\t *\/\n\n\t$(\".fancybox\").fancybox({\n\t\t\"transitionIn\"\t\t: \"none\",\n\t\t\"transitionOut\"\t\t: \"none\",\n\t\t\"titlePosition\" \t: \"over\"\n\n\t});\n});\n<\/script>\n\n\t<div id=\"gallery-0\" class=\"gallery galleryid-0 gallery-size-thumbnail\" style=\"\"><dl class=\"gallery-item\"><dt class=\"gallery-icon\">\n\t\t<a class=\"fancybox\" href=\"https:\/\/www.funiculart.fr\/ressources\/wp-content\/uploads\/2016\/11\/F\u00e9vrier-Cl\u00e9mentine-2-e1480345128947-685x1024.jpg\" rel=\"gallery-0\"><img loading=\"lazy\" decoding=\"async\" width=\"150\" height=\"300\" class=\"attachment-thumbnail\" alt=\"\" src=\"https:\/\/www.funiculart.fr\/ressources\/wp-content\/uploads\/2016\/11\/F\u00e9vrier-Cl\u00e9mentine-2-e1480345128947-150x300.jpg\" \/><\/a><\/dt><\/dl>\n\n<dl class=\"gallery-item\"><dt class=\"gallery-icon\">\n\t\t<a class=\"fancybox\" href=\"https:\/\/www.funiculart.fr\/ressources\/wp-content\/uploads\/2016\/11\/F\u00e9vrier-Cl\u00e9mentine-3.jpg\" rel=\"gallery-0\"><img loading=\"lazy\" decoding=\"async\" width=\"150\" height=\"300\" class=\"attachment-thumbnail\" alt=\"\" src=\"https:\/\/www.funiculart.fr\/ressources\/wp-content\/uploads\/2016\/11\/F\u00e9vrier-Cl\u00e9mentine-3-150x300.jpg\" \/><\/a><\/dt><\/dl>\n\n<dl class=\"gallery-item\"><dt class=\"gallery-icon\">\n\t\t<a class=\"fancybox\" href=\"https:\/\/www.funiculart.fr\/ressources\/wp-content\/uploads\/2016\/11\/Fevrier-Clementine-1024x685.jpg\" rel=\"gallery-0\"><img loading=\"lazy\" decoding=\"async\" width=\"150\" height=\"300\" class=\"attachment-thumbnail\" alt=\"\" src=\"https:\/\/www.funiculart.fr\/ressources\/wp-content\/uploads\/2016\/11\/Fevrier-Clementine-150x300.jpg\" \/><\/a><\/dt><\/dl>\n\n<\/div><br clear=\"all\" \/><!-- Rendered by FancyBox without labels END -->\n\n","protected":false},"excerpt":{"rendered":"<p>F\u00e9vrier Cl\u00e9mentine &lt;clemoufev@hotmail.fr&gt; Corps du message : https:\/\/www.facebook.com\/clementine.fev Bonjour, je me pr\u00e9sente! Je m&rsquo;appelle Cl\u00e9mentine, je suis en licence de droit. J&rsquo;ai toujours ador\u00e9 l&rsquo;art et particuli\u00e8rement la peinture. J&rsquo;ai mesure 1m68, p\u00e8se 63kg. J&rsquo;ai les cheveux mi-long ch\u00e2tains clair, les yeux marrons, des petites taches de rousseur. J&rsquo;habite sur Toulouse. Je suis de nature [&hellip;]<\/p>\n","protected":false},"author":1,"featured_media":0,"parent":0,"menu_order":0,"comment_status":"closed","ping_status":"closed","template":"","meta":{"footnotes":""},"class_list":["post-2186","page","type-page","status-publish","hentry"],"aioseo_notices":[],"aioseo_head":"\n\t\t<!-- All in One SEO 5.0.1.1 - aioseo.com -->\n\t<meta name=\"description\" content=\"F\u00e9vrier Cl\u00e9mentine Corps du message : https:\/\/www.facebook.com\/clementine.fev Bonjour, je me pr\u00e9sente! Je m&#039;appelle Cl\u00e9mentine, je suis en licence de droit. J&#039;ai toujours ador\u00e9 l&#039;art et particuli\u00e8rement la peinture. J&#039;ai mesure 1m68, p\u00e8se 63kg. J&#039;ai les cheveux mi-long ch\u00e2tains clair, les yeux marrons, des petites taches de rousseur. J&#039;habite sur Toulouse. Je suis de nature\" \/>\n\t<meta name=\"robots\" content=\"max-image-preview:large\" \/>\n\t<link rel=\"canonical\" href=\"https:\/\/www.funiculart.fr\/ressources\/fevrier-clementine-pose-sur-toulouse\/\" \/>\n\t<meta name=\"generator\" content=\"All in One SEO (AIOSEO) 5.0.1.1\" \/>\n\t\t<meta property=\"og:locale\" content=\"fr_FR\" \/>\n\t\t<meta property=\"og:site_name\" content=\"Funiculart \u2013 Ressources pour artistes du Nord Pas-de-Calais et Picardie\" \/>\n\t\t<meta property=\"og:type\" content=\"article\" \/>\n\t\t<meta property=\"og:title\" content=\"F\u00e9vrier Cl\u00e9mentine Pose sur Toulouse | Funiculart\" \/>\n\t\t<meta property=\"og:description\" content=\"F\u00e9vrier Cl\u00e9mentine Corps du message : https:\/\/www.facebook.com\/clementine.fev Bonjour, je me pr\u00e9sente! Je m&#039;appelle Cl\u00e9mentine, je suis en licence de droit. J&#039;ai toujours ador\u00e9 l&#039;art et particuli\u00e8rement la peinture. J&#039;ai mesure 1m68, p\u00e8se 63kg. J&#039;ai les cheveux mi-long ch\u00e2tains clair, les yeux marrons, des petites taches de rousseur. J&#039;habite sur Toulouse. Je suis de nature\" \/>\n\t\t<meta property=\"og:url\" content=\"https:\/\/www.funiculart.fr\/ressources\/fevrier-clementine-pose-sur-toulouse\/\" \/>\n\t\t<meta property=\"article:published_time\" content=\"2016-11-28T14:58:55+00:00\" \/>\n\t\t<meta property=\"article:modified_time\" content=\"2016-11-29T07:51:35+00:00\" \/>\n\t\t<meta name=\"twitter:card\" content=\"summary\" \/>\n\t\t<meta name=\"twitter:title\" content=\"F\u00e9vrier Cl\u00e9mentine Pose sur Toulouse | Funiculart\" \/>\n\t\t<meta name=\"twitter:description\" content=\"F\u00e9vrier Cl\u00e9mentine Corps du message : https:\/\/www.facebook.com\/clementine.fev Bonjour, je me pr\u00e9sente! Je m&#039;appelle Cl\u00e9mentine, je suis en licence de droit. J&#039;ai toujours ador\u00e9 l&#039;art et particuli\u00e8rement la peinture. J&#039;ai mesure 1m68, p\u00e8se 63kg. J&#039;ai les cheveux mi-long ch\u00e2tains clair, les yeux marrons, des petites taches de rousseur. J&#039;habite sur Toulouse. Je suis de nature\" \/>\n\t\t<script type=\"application\/ld+json\" class=\"aioseo-schema\">\n\t\t\t{\"@context\":\"https:\\\/\\\/schema.org\",\"@graph\":[{\"@type\":\"BreadcrumbList\",\"@id\":\"https:\\\/\\\/www.funiculart.fr\\\/ressources\\\/fevrier-clementine-pose-sur-toulouse\\\/#breadcrumblist\",\"itemListElement\":[{\"@type\":\"ListItem\",\"@id\":\"https:\\\/\\\/www.funiculart.fr\\\/ressources#listItem\",\"position\":1,\"name\":\"Home\",\"item\":\"https:\\\/\\\/www.funiculart.fr\\\/ressources\",\"nextItem\":{\"@type\":\"ListItem\",\"@id\":\"https:\\\/\\\/www.funiculart.fr\\\/ressources\\\/fevrier-clementine-pose-sur-toulouse\\\/#listItem\",\"name\":\"F\\u00e9vrier Cl\\u00e9mentine Pose sur Toulouse\"}},{\"@type\":\"ListItem\",\"@id\":\"https:\\\/\\\/www.funiculart.fr\\\/ressources\\\/fevrier-clementine-pose-sur-toulouse\\\/#listItem\",\"position\":2,\"name\":\"F\\u00e9vrier Cl\\u00e9mentine Pose sur Toulouse\",\"previousItem\":{\"@type\":\"ListItem\",\"@id\":\"https:\\\/\\\/www.funiculart.fr\\\/ressources#listItem\",\"name\":\"Home\"}}]},{\"@type\":\"Organization\",\"@id\":\"https:\\\/\\\/www.funiculart.fr\\\/ressources\\\/#organization\",\"name\":\"Jean-Marc Denecker\",\"description\":\"Ressources pour artistes du Nord Pas-de-Calais et Picardie\",\"url\":\"https:\\\/\\\/www.funiculart.fr\\\/ressources\\\/\",\"logo\":{\"@type\":\"ImageObject\",\"url\":\"https:\\\/\\\/www.funiculart.fr\\\/ressources\\\/wp-content\\\/uploads\\\/2022\\\/11\\\/funiculart.png\",\"@id\":\"https:\\\/\\\/www.funiculart.fr\\\/ressources\\\/fevrier-clementine-pose-sur-toulouse\\\/#organizationLogo\",\"width\":112,\"height\":112},\"image\":{\"@id\":\"https:\\\/\\\/www.funiculart.fr\\\/ressources\\\/fevrier-clementine-pose-sur-toulouse\\\/#organizationLogo\"}},{\"@type\":\"WebPage\",\"@id\":\"https:\\\/\\\/www.funiculart.fr\\\/ressources\\\/fevrier-clementine-pose-sur-toulouse\\\/#webpage\",\"url\":\"https:\\\/\\\/www.funiculart.fr\\\/ressources\\\/fevrier-clementine-pose-sur-toulouse\\\/\",\"name\":\"F\\u00e9vrier Cl\\u00e9mentine Pose sur Toulouse | Funiculart\",\"description\":\"F\\u00e9vrier Cl\\u00e9mentine Corps du message : https:\\\/\\\/www.facebook.com\\\/clementine.fev Bonjour, je me pr\\u00e9sente! Je m'appelle Cl\\u00e9mentine, je suis en licence de droit. J'ai toujours ador\\u00e9 l'art et particuli\\u00e8rement la peinture. J'ai mesure 1m68, p\\u00e8se 63kg. J'ai les cheveux mi-long ch\\u00e2tains clair, les yeux marrons, des petites taches de rousseur. J'habite sur Toulouse. Je suis de nature\",\"inLanguage\":\"fr-FR\",\"isPartOf\":{\"@id\":\"https:\\\/\\\/www.funiculart.fr\\\/ressources\\\/#website\"},\"breadcrumb\":{\"@id\":\"https:\\\/\\\/www.funiculart.fr\\\/ressources\\\/fevrier-clementine-pose-sur-toulouse\\\/#breadcrumblist\"},\"datePublished\":\"2016-11-28T16:58:55+02:00\",\"dateModified\":\"2016-11-29T09:51:35+02:00\"},{\"@type\":\"WebSite\",\"@id\":\"https:\\\/\\\/www.funiculart.fr\\\/ressources\\\/#website\",\"url\":\"https:\\\/\\\/www.funiculart.fr\\\/ressources\\\/\",\"name\":\"Funiculart : Cours de dessins, sculpture, expositions\",\"alternateName\":\"Ressources pour artistes\",\"description\":\"Ressources pour artistes du Nord Pas-de-Calais et Picardie\",\"inLanguage\":\"fr-FR\",\"publisher\":{\"@id\":\"https:\\\/\\\/www.funiculart.fr\\\/ressources\\\/#organization\"}}]}\n\t\t<\/script>\n\t\t<!-- All in One SEO -->\n\n","aioseo_head_json":{"title":"F\u00e9vrier Cl\u00e9mentine Pose sur Toulouse | Funiculart","description":"F\u00e9vrier Cl\u00e9mentine Corps du message : https:\/\/www.facebook.com\/clementine.fev Bonjour, je me pr\u00e9sente! Je m'appelle Cl\u00e9mentine, je suis en licence de droit. J'ai toujours ador\u00e9 l'art et particuli\u00e8rement la peinture. J'ai mesure 1m68, p\u00e8se 63kg. J'ai les cheveux mi-long ch\u00e2tains clair, les yeux marrons, des petites taches de rousseur. J'habite sur Toulouse. Je suis de nature","canonical_url":"https:\/\/www.funiculart.fr\/ressources\/fevrier-clementine-pose-sur-toulouse\/","robots":"max-image-preview:large","keywords":"","webmasterTools":{"miscellaneous":""},"schema":{"@context":"https:\/\/schema.org","@graph":[{"@type":"BreadcrumbList","@id":"https:\/\/www.funiculart.fr\/ressources\/fevrier-clementine-pose-sur-toulouse\/#breadcrumblist","itemListElement":[{"@type":"ListItem","@id":"https:\/\/www.funiculart.fr\/ressources#listItem","position":1,"name":"Home","item":"https:\/\/www.funiculart.fr\/ressources","nextItem":{"@type":"ListItem","@id":"https:\/\/www.funiculart.fr\/ressources\/fevrier-clementine-pose-sur-toulouse\/#listItem","name":"F\u00e9vrier Cl\u00e9mentine Pose sur Toulouse"}},{"@type":"ListItem","@id":"https:\/\/www.funiculart.fr\/ressources\/fevrier-clementine-pose-sur-toulouse\/#listItem","position":2,"name":"F\u00e9vrier Cl\u00e9mentine Pose sur Toulouse","previousItem":{"@type":"ListItem","@id":"https:\/\/www.funiculart.fr\/ressources#listItem","name":"Home"}}]},{"@type":"Organization","@id":"https:\/\/www.funiculart.fr\/ressources\/#organization","name":"Jean-Marc Denecker","description":"Ressources pour artistes du Nord Pas-de-Calais et Picardie","url":"https:\/\/www.funiculart.fr\/ressources\/","logo":{"@type":"ImageObject","url":"https:\/\/www.funiculart.fr\/ressources\/wp-content\/uploads\/2022\/11\/funiculart.png","@id":"https:\/\/www.funiculart.fr\/ressources\/fevrier-clementine-pose-sur-toulouse\/#organizationLogo","width":112,"height":112},"image":{"@id":"https:\/\/www.funiculart.fr\/ressources\/fevrier-clementine-pose-sur-toulouse\/#organizationLogo"}},{"@type":"WebPage","@id":"https:\/\/www.funiculart.fr\/ressources\/fevrier-clementine-pose-sur-toulouse\/#webpage","url":"https:\/\/www.funiculart.fr\/ressources\/fevrier-clementine-pose-sur-toulouse\/","name":"F\u00e9vrier Cl\u00e9mentine Pose sur Toulouse | Funiculart","description":"F\u00e9vrier Cl\u00e9mentine Corps du message : https:\/\/www.facebook.com\/clementine.fev Bonjour, je me pr\u00e9sente! Je m'appelle Cl\u00e9mentine, je suis en licence de droit. J'ai toujours ador\u00e9 l'art et particuli\u00e8rement la peinture. J'ai mesure 1m68, p\u00e8se 63kg. J'ai les cheveux mi-long ch\u00e2tains clair, les yeux marrons, des petites taches de rousseur. J'habite sur Toulouse. Je suis de nature","inLanguage":"fr-FR","isPartOf":{"@id":"https:\/\/www.funiculart.fr\/ressources\/#website"},"breadcrumb":{"@id":"https:\/\/www.funiculart.fr\/ressources\/fevrier-clementine-pose-sur-toulouse\/#breadcrumblist"},"datePublished":"2016-11-28T16:58:55+02:00","dateModified":"2016-11-29T09:51:35+02:00"},{"@type":"WebSite","@id":"https:\/\/www.funiculart.fr\/ressources\/#website","url":"https:\/\/www.funiculart.fr\/ressources\/","name":"Funiculart : Cours de dessins, sculpture, expositions","alternateName":"Ressources pour artistes","description":"Ressources pour artistes du Nord Pas-de-Calais et Picardie","inLanguage":"fr-FR","publisher":{"@id":"https:\/\/www.funiculart.fr\/ressources\/#organization"}}]},"og:locale":"fr_FR","og:site_name":"Funiculart \u2013 Ressources pour artistes du Nord Pas-de-Calais et Picardie","og:type":"article","og:title":"F\u00e9vrier Cl\u00e9mentine Pose sur Toulouse | Funiculart","og:description":"F\u00e9vrier Cl\u00e9mentine Corps du message : https:\/\/www.facebook.com\/clementine.fev Bonjour, je me pr\u00e9sente! Je m'appelle Cl\u00e9mentine, je suis en licence de droit. J'ai toujours ador\u00e9 l'art et particuli\u00e8rement la peinture. J'ai mesure 1m68, p\u00e8se 63kg. J'ai les cheveux mi-long ch\u00e2tains clair, les yeux marrons, des petites taches de rousseur. J'habite sur Toulouse. Je suis de nature","og:url":"https:\/\/www.funiculart.fr\/ressources\/fevrier-clementine-pose-sur-toulouse\/","article:published_time":"2016-11-28T14:58:55+00:00","article:modified_time":"2016-11-29T07:51:35+00:00","twitter:card":"summary","twitter:title":"F\u00e9vrier Cl\u00e9mentine Pose sur Toulouse | Funiculart","twitter:description":"F\u00e9vrier Cl\u00e9mentine Corps du message : https:\/\/www.facebook.com\/clementine.fev Bonjour, je me pr\u00e9sente! Je m'appelle Cl\u00e9mentine, je suis en licence de droit. J'ai toujours ador\u00e9 l'art et particuli\u00e8rement la peinture. J'ai mesure 1m68, p\u00e8se 63kg. J'ai les cheveux mi-long ch\u00e2tains clair, les yeux marrons, des petites taches de rousseur. J'habite sur Toulouse. Je suis de nature"},"aioseo_meta_data":{"post_id":"2186","title":null,"description":null,"keywords":null,"keyphrases":null,"primary_term":null,"canonical_url":null,"og_title":null,"og_description":null,"og_object_type":"default","og_image_type":"default","og_image_url":null,"og_image_width":null,"og_image_height":null,"og_image_custom_url":null,"og_image_custom_fields":null,"og_video":null,"og_custom_url":null,"og_article_section":null,"og_article_tags":null,"twitter_use_og":false,"twitter_card":"default","twitter_image_type":"default","twitter_image_url":null,"twitter_image_custom_url":null,"twitter_image_custom_fields":null,"twitter_title":null,"twitter_description":null,"schema":{"blockGraphs":[],"customGraphs":[],"default":{"data":{"Article":[],"Course":[],"Dataset":[],"FAQPage":[],"Movie":[],"Person":[],"Product":[],"ProductReview":[],"Car":[],"Recipe":[],"Service":[],"SoftwareApplication":[],"WebPage":[]},"graphName":"","isEnabled":true},"graphs":[]},"schema_type":null,"schema_type_options":null,"pillar_content":false,"robots_default":true,"robots_noindex":false,"robots_noarchive":false,"robots_nosnippet":false,"robots_nofollow":false,"robots_noimageindex":false,"robots_noodp":false,"robots_notranslate":false,"robots_max_snippet":null,"robots_max_videopreview":null,"robots_max_imagepreview":"large","priority":null,"frequency":null,"location":null,"local_seo":null,"breadcrumb_settings":null,"limit_modified_date":false,"ai":null,"created":"2021-01-18 12:22:40","updated":"2025-06-04 00:54:31","seo_analyzer_scan_date":null,"focus_keyword":null,"additional_keywords":null,"truseo_locale":null},"aioseo_breadcrumb":"<div class=\"aioseo-breadcrumbs\"><span class=\"aioseo-breadcrumb\">\n\t\t\t<a href=\"https:\/\/www.funiculart.fr\/ressources\" title=\"Home\">Home<\/a>\n\t\t<\/span><span class=\"aioseo-breadcrumb-separator\">&raquo;<\/span><span class=\"aioseo-breadcrumb\">\n\t\t\tF\u00e9vrier Cl\u00e9mentine Pose sur Toulouse\n\t\t<\/span><\/div>","aioseo_breadcrumb_json":[{"label":"Home","link":"https:\/\/www.funiculart.fr\/ressources"},{"label":"F\u00e9vrier Cl\u00e9mentine Pose sur Toulouse","link":"https:\/\/www.funiculart.fr\/ressources\/fevrier-clementine-pose-sur-toulouse\/"}],"_links":{"self":[{"href":"https:\/\/www.funiculart.fr\/ressources\/wp-json\/wp\/v2\/pages\/2186","targetHints":{"allow":["GET"]}}],"collection":[{"href":"https:\/\/www.funiculart.fr\/ressources\/wp-json\/wp\/v2\/pages"}],"about":[{"href":"https:\/\/www.funiculart.fr\/ressources\/wp-json\/wp\/v2\/types\/page"}],"author":[{"embeddable":true,"href":"https:\/\/www.funiculart.fr\/ressources\/wp-json\/wp\/v2\/users\/1"}],"replies":[{"embeddable":true,"href":"https:\/\/www.funiculart.fr\/ressources\/wp-json\/wp\/v2\/comments?post=2186"}],"version-history":[{"count":0,"href":"https:\/\/www.funiculart.fr\/ressources\/wp-json\/wp\/v2\/pages\/2186\/revisions"}],"wp:attachment":[{"href":"https:\/\/www.funiculart.fr\/ressources\/wp-json\/wp\/v2\/media?parent=2186"}],"curies":[{"name":"wp","href":"https:\/\/api.w.org\/{rel}","templated":true}]}}